{"id":3460,"date":"2020-05-05T08:42:44","date_gmt":"2020-05-05T07:42:44","guid":{"rendered":"http:\/\/algornet.com\/?page_id=3460"},"modified":"2020-06-25T10:35:10","modified_gmt":"2020-06-25T09:35:10","slug":"crechemam","status":"publish","type":"page","link":"http:\/\/algornet.com\/en\/crechemam\/","title":{"rendered":"CrecheMam"},"content":{"rendered":"<div data-elementor-type=\"wp-page\" data-elementor-id=\"3460\" class=\"elementor elementor-3460\" data-elementor-settings=\"[]\">\n\t\t\t\t\t\t<div class=\"elementor-inner\">\n\t\t\t\t\t\t\t<div class=\"elementor-section-wrap\">\n\t\t\t\t\t\t\t<section data-particle_enable=\"false\" data-particle-mobile-disabled=\"false\" class=\"elementor-section elementor-top-section elementor-element elementor-element-eb3e29d elementor-section-boxed elementor-section-height-default elementor-section-height-default\" data-id=\"eb3e29d\" data-element_type=\"section\" data-settings=\"{&quot;background_background&quot;:&quot;classic&quot;}\">\n\t\t\t\t\t\t<div class=\"elementor-container elementor-column-gap-default\">\n\t\t\t\t\t\t\t<div class=\"elementor-row\">\n\t\t\t\t\t<div class=\"elementor-column elementor-col-100 elementor-top-column elementor-element elementor-element-feb3405\" data-id=\"feb3405\" data-element_type=\"column\" data-settings=\"{&quot;background_background&quot;:&quot;classic&quot;}\">\n\t\t\t<div class=\"elementor-column-wrap elementor-element-populated\">\n\t\t\t\t\t\t\t<div class=\"elementor-widget-wrap\">\n\t\t\t\t\t\t<div class=\"elementor-element elementor-element-9a6f249 elementor-widget elementor-widget-heading\" data-id=\"9a6f249\" data-element_type=\"widget\" data-widget_type=\"heading.default\">\n\t\t\t\t<div class=\"elementor-widget-container\">\n\t\t\t<h2 class=\"elementor-heading-title elementor-size-default\">Cr\u00e8che \/ MAM<\/h2>\t\t<\/div>\n\t\t\t\t<\/div>\n\t\t\t\t<section data-particle_enable=\"false\" data-particle-mobile-disabled=\"false\" class=\"elementor-section elementor-inner-section elementor-element elementor-element-52d4f57 elementor-section-height-min-height elementor-section-boxed elementor-section-height-default\" data-id=\"52d4f57\" data-element_type=\"section\">\n\t\t\t\t\t\t<div class=\"elementor-container elementor-column-gap-default\">\n\t\t\t\t\t\t\t<div class=\"elementor-row\">\n\t\t\t\t\t<div class=\"elementor-column elementor-col-50 elementor-inner-column elementor-element elementor-element-00ca502\" data-id=\"00ca502\" data-element_type=\"column\">\n\t\t\t<div class=\"elementor-column-wrap elementor-element-populated\">\n\t\t\t\t\t\t\t<div class=\"elementor-widget-wrap\">\n\t\t\t\t\t\t<div class=\"elementor-element elementor-element-4d4170c elementor-flip-box--direction-right elementor-flip-box--3d elementor-flip-box--effect-flip elementor-widget elementor-widget-flip-box\" data-id=\"4d4170c\" data-element_type=\"widget\" data-widget_type=\"flip-box.default\">\n\t\t\t\t<div class=\"elementor-widget-container\">\n\t\t\t\t\t<div class=\"elementor-flip-box\">\n\t\t\t<div class=\"elementor-flip-box__layer elementor-flip-box__front\">\n\t\t\t\t<div class=\"elementor-flip-box__layer__overlay\">\n\t\t\t\t\t<div class=\"elementor-flip-box__layer__inner\">\n\t\t\t\t\t\t\t\t\t\t\t\t\t<div class=\"elementor-flip-box__image\">\n\t\t\t\t\t\t\t\t<img width=\"530\" height=\"400\" src=\"http:\/\/algornet.com\/wp-content\/uploads\/2020\/05\/lut_1_opt.jpg\" class=\"attachment-full size-full\" alt=\"\" loading=\"lazy\" srcset=\"http:\/\/algornet.com\/wp-content\/uploads\/2020\/05\/lut_1_opt.jpg 530w, http:\/\/algornet.com\/wp-content\/uploads\/2020\/05\/lut_1_opt-300x226.jpg 300w\" sizes=\"(max-width: 530px) 100vw, 530px\" \/>\t\t\t\t\t\t\t<\/div>\n\t\t\t\t\t\t\n\t\t\t\t\t\t\t\t\t\t\t\t\t<h3 class=\"elementor-flip-box__layer__title\">\n\t\t\t\t\t\t\t\t<p class=\"title_flip_left\">Cr\u00e8che - Halte-garderie \"Les Lutins du Pays M\u00ealois\"<\/p>\t\t\t\t\t\t\t<\/h3>\n\t\t\t\t\t\t\n\t\t\t\t\t\t\t\t\t\t\t\t\t<div class=\"elementor-flip-box__layer__description\">\n\t\t\t\t\t\t\t\t\t<div class=\"text_body_flip_left\">\n\t\t<ul><li><strong>\"Les Lutins du Pays M\u00ealois\"<\/strong><\/li>\n\t\t\t<li>Pour les enfants de 2 mois et demi \u00e0 4 ans.<\/li>\n\t\t\t<li><strong>Horaires :<\/strong> <\/li>\n\t\t\t<li><strong>Du lundi au vendredi :<\/strong> 8h \u00e0 18h30<\/li>\n\t\t\t<li><strong>Halte-garderie :<\/strong>\u00a08h30 \u00e0 11h30 et 14h30 \u00e0 17h30<\/li>\n\t\t<\/ul>\n<\/div>\n\t\t\t\t\t\t\t<\/div>\n\t\t\t\t\t\t\t\t\t\t\t<\/div>\n\t\t\t\t<\/div>\n\t\t\t<\/div>\n\t\t\t<div class=\"elementor-flip-box__layer elementor-flip-box__back\">\n\t\t\t<div class=\"elementor-flip-box__layer__overlay\">\n\t\t\t\t<div class=\"elementor-flip-box__layer__inner\">\n\t\t\t\t\t\n\t\t\t\t\t\t\t\t\t\t\t<div class=\"elementor-flip-box__layer__description\">\n\t\t\t\t\t\t\t\n<ul>\n\t<li>3 place du 11 ao\u00fbt 1944, 61170 Le M\u00eale sur Sarthe(P\u00f4le associatif)<\/li>\n\t<li><strong>T\u00e9l :<\/strong> 02 33 27 91 44\u00a0-<\/li>\n\t<li>les.lutins.melois@wanadoo.fr<\/li>\n\t<li>\n\t\t<a href=\"\/en\/www.leslutinsmelois.canalblog.com\/\">www.leslutinsmelois.canalblog.com<\/a>\n\t<\/li>\n<\/ul>\t\t\t\t\t\t<\/div>\n\t\t\t\t\t\n\t\t\t\t\t\t\t\t<\/div>\n\t\t<\/div>\n\t\t<\/div>\n\t\t<\/div>\n\t\t\t\t<\/div>\n\t\t\t\t<\/div>\n\t\t\t\t\t\t<\/div>\n\t\t\t\t\t<\/div>\n\t\t<\/div>\n\t\t\t\t<div class=\"elementor-column elementor-col-50 elementor-inner-column elementor-element elementor-element-f22fa84\" data-id=\"f22fa84\" data-element_type=\"column\">\n\t\t\t<div class=\"elementor-column-wrap elementor-element-populated\">\n\t\t\t\t\t\t\t<div class=\"elementor-widget-wrap\">\n\t\t\t\t\t\t<div class=\"elementor-element elementor-element-746526f elementor-flip-box--direction-right elementor-flip-box--3d elementor-flip-box--effect-flip elementor-widget elementor-widget-flip-box\" data-id=\"746526f\" data-element_type=\"widget\" data-widget_type=\"flip-box.default\">\n\t\t\t\t<div class=\"elementor-widget-container\">\n\t\t\t\t\t<div class=\"elementor-flip-box\">\n\t\t\t<div class=\"elementor-flip-box__layer elementor-flip-box__front\">\n\t\t\t\t<div class=\"elementor-flip-box__layer__overlay\">\n\t\t\t\t\t<div class=\"elementor-flip-box__layer__inner\">\n\t\t\t\t\t\t\t\t\t\t\t\t\t<div class=\"elementor-flip-box__image\">\n\t\t\t\t\t\t\t\t<img width=\"530\" height=\"400\" src=\"http:\/\/algornet.com\/wp-content\/uploads\/2020\/05\/mat_1_opt.jpg\" class=\"attachment-full size-full\" alt=\"\" loading=\"lazy\" srcset=\"http:\/\/algornet.com\/wp-content\/uploads\/2020\/05\/mat_1_opt.jpg 530w, http:\/\/algornet.com\/wp-content\/uploads\/2020\/05\/mat_1_opt-300x226.jpg 300w\" sizes=\"(max-width: 530px) 100vw, 530px\" \/>\t\t\t\t\t\t\t<\/div>\n\t\t\t\t\t\t\n\t\t\t\t\t\t\t\t\t\t\t\t\t<h3 class=\"elementor-flip-box__layer__title\">\n\t\t\t\t\t\t\t\t<p class=\"title_flip_right\">MAM Il \u00e9tait une fois<\/p>\t\t\t\t\t\t\t<\/h3>\n\t\t\t\t\t\t\n\t\t\t\t\t\t\t\t\t\t\t\t\t<div class=\"elementor-flip-box__layer__description\">\n\t\t\t\t\t\t\t\t\n<div class=\"text_body_flip_right\">\n\t\n\tPour les gardes occasionnelles au domicile des parents.\nPour les enfants de moins de 4 ans accueillis chez les assistantes maternelles ou accompagn\u00e9s de leurs parents\n\n<div><strong>43 Route de Paris - 61170 Saint Julien sur Sarthe<\/strong><\/div>\n\t\t\n<\/div>\t\t\t\t\t\t\t<\/div>\n\t\t\t\t\t\t\t\t\t\t\t<\/div>\n\t\t\t\t<\/div>\n\t\t\t<\/div>\n\t\t\t<div class=\"elementor-flip-box__layer elementor-flip-box__back\">\n\t\t\t<div class=\"elementor-flip-box__layer__overlay\">\n\t\t\t\t<div class=\"elementor-flip-box__layer__inner\">\n\t\t\t\t\t\n\t\t\t\t\t\t\t\t\t\t\t<div class=\"elementor-flip-box__layer__description\">\n\t\t\t\t\t\t\t<ul>\n\t<li>Pour votre ou vos enfants de 8 semaines \u00e0 6 ans<\/li>\n\t<li><strong>Ouverture de lundi au vendredi<\/strong> de 7h \u00e0 20h.<\/li>\n\t<li>\n\t\t<strong>Renseignements et contacts:<\/strong>\n\t<\/li>\n\t<li>02 33 15 06 90<\/li>\n\t<li>mam61iletaitunefois@gmail.com<\/li>\n<\/ul>\t\t\t\t\t\t<\/div>\n\t\t\t\t\t\n\t\t\t\t\t\t\t\t<\/div>\n\t\t<\/div>\n\t\t<\/div>\n\t\t<\/div>\n\t\t\t\t<\/div>\n\t\t\t\t<\/div>\n\t\t\t\t\t\t<\/div>\n\t\t\t\t\t<\/div>\n\t\t<\/div>\n\t\t\t\t\t\t\t\t<\/div>\n\t\t\t\t\t<\/div>\n\t\t<\/section>\n\t\t\t\t\t\t<\/div>\n\t\t\t\t\t<\/div>\n\t\t<\/div>\n\t\t\t\t\t\t\t\t<\/div>\n\t\t\t\t\t<\/div>\n\t\t<\/section>\n\t\t\t\t\t\t<\/div>\n\t\t\t\t\t\t<\/div>\n\t\t\t\t\t<\/div>","protected":false},"excerpt":{"rendered":"<p>Cr\u00e8che \/ MAM Cr\u00e8che &#8211; Halte-garderie \u00ab\u00a0Les Lutins du Pays M\u00ealois\u00a0\u00bb \u00ab\u00a0Les Lutins du Pays M\u00ealois\u00a0\u00bb Pour les enfants de 2 mois et demi \u00e0 4 ans. Horaires : Du lundi au vendredi : 8h \u00e0 18h30 Halte-garderie :\u00a08h30 \u00e0 11h30 et 14h30 \u00e0 17h30 3 place du 11 ao\u00fbt 1944, 61170 Le M\u00eale sur [&hellip;]<\/p>","protected":false},"author":1,"featured_media":0,"parent":0,"menu_order":0,"comment_status":"closed","ping_status":"closed","template":"elementor_header_footer","meta":[],"categories":[],"tags":[],"_links":{"self":[{"href":"http:\/\/algornet.com\/en\/wp-json\/wp\/v2\/pages\/3460"}],"collection":[{"href":"http:\/\/algornet.com\/en\/wp-json\/wp\/v2\/pages"}],"about":[{"href":"http:\/\/algornet.com\/en\/wp-json\/wp\/v2\/types\/page"}],"author":[{"embeddable":true,"href":"http:\/\/algornet.com\/en\/wp-json\/wp\/v2\/users\/1"}],"replies":[{"embeddable":true,"href":"http:\/\/algornet.com\/en\/wp-json\/wp\/v2\/comments?post=3460"}],"version-history":[{"count":0,"href":"http:\/\/algornet.com\/en\/wp-json\/wp\/v2\/pages\/3460\/revisions"}],"wp:attachment":[{"href":"http:\/\/algornet.com\/en\/wp-json\/wp\/v2\/media?parent=3460"}],"wp:term":[{"taxonomy":"category","embeddable":true,"href":"http:\/\/algornet.com\/en\/wp-json\/wp\/v2\/categories?post=3460"},{"taxonomy":"post_tag","embeddable":true,"href":"http:\/\/algornet.com\/en\/wp-json\/wp\/v2\/tags?post=3460"}],"curies":[{"name":"wp","href":"https:\/\/api.w.org\/{rel}","templated":true}]}}